{"id":66,"date":"2022-05-15T21:04:16","date_gmt":"2022-05-15T21:04:16","guid":{"rendered":"https:\/\/fasnachtbrugg.ch\/fasnachtbrugg\/?page_id=66"},"modified":"2026-02-22T20:17:31","modified_gmt":"2026-02-22T20:17:31","slug":"medien","status":"publish","type":"page","link":"https:\/\/fasnachtbrugg.ch\/fasnachtbrugg\/medien\/","title":{"rendered":"Medien"},"content":{"rendered":"\t\t<div data-elementor-type=\"wp-page\" data-elementor-id=\"66\" class=\"elementor elementor-66\">\n\t\t\t\t\t\t<section class=\"elementor-section elementor-top-section elementor-element elementor-element-772acb2 elementor-section-boxed elementor-section-height-default elementor-section-height-default\" data-id=\"772acb2\" data-element_type=\"section\" data-e-type=\"section\">\n\t\t\t\t\t\t<div class=\"elementor-container elementor-column-gap-default\">\n\t\t\t\t\t<div class=\"elementor-column elementor-col-100 elementor-top-column elementor-element elementor-element-18e5733\" data-id=\"18e5733\" data-element_type=\"column\" data-e-type=\"column\">\n\t\t\t<div class=\"elementor-widget-wrap elementor-element-populated\">\n\t\t\t\t\t\t<div class=\"elementor-element elementor-element-08148ac elementor-widget elementor-widget-accordion\" data-id=\"08148ac\" data-element_type=\"widget\" data-e-type=\"widget\" data-widget_type=\"accordion.default\">\n\t\t\t\t<div class=\"elementor-widget-container\">\n\t\t\t\t\t\t\t<div class=\"elementor-accordion\">\n\t\t\t\t\t\t\t<div class=\"elementor-accordion-item\">\n\t\t\t\t\t<div id=\"elementor-tab-title-8471\" class=\"elementor-tab-title\" data-tab=\"1\" role=\"button\" aria-controls=\"elementor-tab-content-8471\" aria-expanded=\"false\">\n\t\t\t\t\t\t\t\t\t\t\t\t\t<span class=\"elementor-accordion-icon elementor-accordion-icon-left\" aria-hidden=\"true\">\n\t\t\t\t\t\t\t\t\t\t\t\t\t\t\t<span class=\"elementor-accordion-icon-closed\"><i class=\"fas fa-plus\"><\/i><\/span>\n\t\t\t\t\t\t\t\t<span class=\"elementor-accordion-icon-opened\"><i class=\"fas fa-minus\"><\/i><\/span>\n\t\t\t\t\t\t\t\t\t\t\t\t\t\t<\/span>\n\t\t\t\t\t\t\t\t\t\t\t\t<a class=\"elementor-accordion-title\" tabindex=\"0\">Medien 2026<\/a>\n\t\t\t\t\t<\/div>\n\t\t\t\t\t<div id=\"elementor-tab-content-8471\" class=\"elementor-tab-content elementor-clearfix\" data-tab=\"1\" role=\"region\" aria-labelledby=\"elementor-tab-title-8471\"><p><a href=\"https:\/\/www.aargauerzeitung.ch\/aargau\/brugg\/fasnacht-brugg-2026-die-100-schoensten-bilder-ld.4125490\">azonline &#8211; 22. Februar 2026 &#8211; Konfettiregen im Sonnenschein: Die 100 sch\u00f6nsten Bilder der Fasnacht 2026<\/a><br \/>Ein halbes Jahrhundert Fasnacht Brugg: Das wurde mit einem kr\u00e4ftigen Konfetti-Applaus gefeiert. Der Jubil\u00e4umsumzug in Bildern.<\/p><p><a href=\"https:\/\/www.aargauerzeitung.ch\/aargau\/brugg\/brugger-fasnacht-erster-umzug-mit-gebaerstation-ld.4123272\">azonline &#8211; 22. Februar 2026 &#8211; Der erste Brugger Fasnachtsumzug mit Geb\u00e4rstation<\/a><br \/>Die Fasnacht machte dem Winter so richtig den Garaus. Bei sch\u00f6nstem Fr\u00fchlingswetter lockte ein farbenfroher Jubil\u00e4umsumzug viel Publikum an den Strassenrand. Und dieses war begeistert.<\/p><\/div>\n\t\t\t\t<\/div>\n\t\t\t\t\t\t\t<div class=\"elementor-accordion-item\">\n\t\t\t\t\t<div id=\"elementor-tab-title-8472\" class=\"elementor-tab-title\" data-tab=\"2\" role=\"button\" aria-controls=\"elementor-tab-content-8472\" aria-expanded=\"false\">\n\t\t\t\t\t\t\t\t\t\t\t\t\t<span class=\"elementor-accordion-icon elementor-accordion-icon-left\" aria-hidden=\"true\">\n\t\t\t\t\t\t\t\t\t\t\t\t\t\t\t<span class=\"elementor-accordion-icon-closed\"><i class=\"fas fa-plus\"><\/i><\/span>\n\t\t\t\t\t\t\t\t<span class=\"elementor-accordion-icon-opened\"><i class=\"fas fa-minus\"><\/i><\/span>\n\t\t\t\t\t\t\t\t\t\t\t\t\t\t<\/span>\n\t\t\t\t\t\t\t\t\t\t\t\t<a class=\"elementor-accordion-title\" tabindex=\"0\">Medien 2023<\/a>\n\t\t\t\t\t<\/div>\n\t\t\t\t\t<div id=\"elementor-tab-content-8472\" class=\"elementor-tab-content elementor-clearfix\" data-tab=\"2\" role=\"region\" aria-labelledby=\"elementor-tab-title-8472\"><p><a href=\"https:\/\/fasnachtbrugg.ch\/fasnachtbrugg\/2023\/12\/25\/gruppen-fuer-2024-sind-herzlichst-willkommen\/\" target=\"_blank\" rel=\"noopener\">Regional &#8211; 19. Dezember 2023 &#8211; \u00abWeitere Guggen- und Wagengruppen willkommen\u00bb<\/a><br \/>Brugger Fasnachts-Umzug vom 18. Februar 2024 bietet schaurig-tolle Auftrittsm\u00f6glichkeit vor viel Publikum<\/p><p><a style=\"font-size: 16px;\" href=\"https:\/\/www.aargauerzeitung.ch\/aargau\/brugg\/fuenfte-jahreszeit-fasnaechtler-trotzen-schneefall-mit-konfettiregen-so-war-der-brugger-umzug-ld.2414188?reduced=true\">azonline.ch &#8211; 26. Februar 2023 &#8211; Brugger Fasn\u00e4chtler trotzen dem Schneefall mit viel Konfetti und kreativen Kost\u00fcmen<\/a><br \/>Von Bergsteigern \u00fcber Gorillas bis hin zu einer riesigen Postkutsche war am Sonntag, 26. Februar, im Prophetenst\u00e4dtchen alles zu sehen. Ein Thema war bei den Umzugsteilnehmenden heuer besonders beliebt.<\/p><p><a href=\"https:\/\/ihre-region-online.ch\/2023\/02\/22\/motto-auf-die-fahne-geschrieben\/\">ihre-region-online.ch &#8211; 22. Februar 2023 &#8211; Motto auf die Fahne geschrieben<\/a><br \/>Am 26. Februar findet der grosse Fasnachtsumzug statt. Der Verein \u00abFasnacht Brugg\u00bb pr\u00e4sentiert das neue Logo, das gleichzeitig das Motto ist.<\/p><p><a href=\"https:\/\/www.aargauerzeitung.ch\/aargau\/brugg\/brugg-kein-motto-dafuer-werden-die-alten-plaketten-verschenkt-vorbereitungen-fuer-fasnachtsumzug-laufen-ld.2415923\">azonline.ch &#8211; 16. Februar 2023 &#8211; Kein Motto, daf\u00fcr werden die alten Plaketten verschenkt: Vorbereitungen f\u00fcr Fasnachtsumzug laufen<\/a><br \/>F\u00fcr den Anlass am Sonntag, 26. Februar, haben sich 36 Gruppen angemeldet. Thomas \u00abSteini\u00bb Steinhauer, Pr\u00e4sident von \u00abFasnacht Brugg\u00bb, erkl\u00e4rt, weshalb der Umzug nicht zu lang sein darf und noch Fahnen mit dem alten Vereinslogo das Prophetenst\u00e4dtchen schm\u00fccken.<\/p><p><a href=\"https:\/\/www.aargauerzeitung.ch\/aargau\/brugg\/fasnacht-keine-schnitzelbaenke-dafuer-viel-guggenmusik-dieses-jahr-wird-in-brugg-mit-einigen-aenderungen-gefeiert-ld.2406045\">azonline.ch &#8211; 27. Januar 2023 &#8211; Keine Schnitzelb\u00e4nke, daf\u00fcr viel Guggenmusik: Dieses Jahr wird in Brugg mit einigen \u00c4nderungen gefeiert<\/a><br \/>Beinahe w\u00e4re heuer im Salzhaus nicht gefeiert worden. Doch dann beschlossen der F\u00f6rderverein Events Brugg und die V\u00e4rslischmitte Brugg kurzfristig, ein dreit\u00e4giges Programm auf die Beine zu stellen. Eine entscheidende Rolle spielte dabei Jimmy Schmid, der st\u00e4dtische Hauswart.<\/p><\/div>\n\t\t\t\t<\/div>\n\t\t\t\t\t\t\t<div class=\"elementor-accordion-item\">\n\t\t\t\t\t<div id=\"elementor-tab-title-8473\" class=\"elementor-tab-title\" data-tab=\"3\" role=\"button\" aria-controls=\"elementor-tab-content-8473\" aria-expanded=\"false\">\n\t\t\t\t\t\t\t\t\t\t\t\t\t<span class=\"elementor-accordion-icon elementor-accordion-icon-left\" aria-hidden=\"true\">\n\t\t\t\t\t\t\t\t\t\t\t\t\t\t\t<span class=\"elementor-accordion-icon-closed\"><i class=\"fas fa-plus\"><\/i><\/span>\n\t\t\t\t\t\t\t\t<span class=\"elementor-accordion-icon-opened\"><i class=\"fas fa-minus\"><\/i><\/span>\n\t\t\t\t\t\t\t\t\t\t\t\t\t\t<\/span>\n\t\t\t\t\t\t\t\t\t\t\t\t<a class=\"elementor-accordion-title\" tabindex=\"0\">Medien 2022<\/a>\n\t\t\t\t\t<\/div>\n\t\t\t\t\t<div id=\"elementor-tab-content-8473\" class=\"elementor-tab-content elementor-clearfix\" data-tab=\"3\" role=\"region\" aria-labelledby=\"elementor-tab-title-8473\"><p><a href=\"https:\/\/www.aargauerzeitung.ch\/aargau\/brugg\/brugg-nach-der-zwangspause-so-steht-es-um-die-fasnachtstraditionen-im-prophetenstaedtchen-ld.2377053\" target=\"_blank\" rel=\"noopener\">azonline &#8211; 23. November 2022 &#8211; Nach der Zwangspause: So steht es um die Fasnachtstraditionen im Prophetenst\u00e4dtchen<\/a><br>Am Sonntag, 26. Februar 2023, wird der grosse Umzug in der Brugger Innenstadt wieder stattfinden. Doch bei der Neuauflage der Fasnacht wird nicht mehr alles so wie fr\u00fcher sein.<\/p>\n<p><a href=\"https:\/\/fasnachtbrugg.ch\/fasnachtbrugg\/2022\/11\/25\/fasnacht-brugg-steht-fuer-konfetti-spruehende-festfreude\/\" target=\"_blank\" rel=\"noopener\">Regional &#8211; 22. November 2022 &#8211; \u00abFasnacht Brugg\u00bb steht f\u00fcr (konfetti-)spr\u00fchende Festfreude<\/a><br>Nach vier Jahren Unterbruch: Vorfreude auf den Brugger Fasnachtsumzug vom 26. Februar 2023 w\u00e4chst<\/p>\n<p><a href=\"https:\/\/www.aargauerzeitung.ch\/aargau\/brugg\/brugg-neuer-schub-fuer-die-fasnacht-vorfreude-auf-umzug-ist-erlaubt-ld.2292914\" target=\"_blank\">azonline &#8211; 19. Mai 2022 &#8211;&nbsp;Neuer Schub f\u00fcr die Fasnacht: Vorfreude auf Umzug ist erlaubt<\/a><br>Die \u00abKonfettispalter\u00bb sind zwar Vergangenheit. Aber der Brugger Fasnachtsumzug soll in gewohnter Attraktivit\u00e4t stattfinden, auch im Jahr 2023.<br><\/p><\/div>\n\t\t\t\t<\/div>\n\t\t\t\t\t\t\t<div class=\"elementor-accordion-item\">\n\t\t\t\t\t<div id=\"elementor-tab-title-8474\" class=\"elementor-tab-title\" data-tab=\"4\" role=\"button\" aria-controls=\"elementor-tab-content-8474\" aria-expanded=\"false\">\n\t\t\t\t\t\t\t\t\t\t\t\t\t<span class=\"elementor-accordion-icon elementor-accordion-icon-left\" aria-hidden=\"true\">\n\t\t\t\t\t\t\t\t\t\t\t\t\t\t\t<span class=\"elementor-accordion-icon-closed\"><i class=\"fas fa-plus\"><\/i><\/span>\n\t\t\t\t\t\t\t\t<span class=\"elementor-accordion-icon-opened\"><i class=\"fas fa-minus\"><\/i><\/span>\n\t\t\t\t\t\t\t\t\t\t\t\t\t\t<\/span>\n\t\t\t\t\t\t\t\t\t\t\t\t<a class=\"elementor-accordion-title\" tabindex=\"0\">Medien 2020<\/a>\n\t\t\t\t\t<\/div>\n\t\t\t\t\t<div id=\"elementor-tab-content-8474\" class=\"elementor-tab-content elementor-clearfix\" data-tab=\"4\" role=\"region\" aria-labelledby=\"elementor-tab-title-8474\"><p><a href=\"https:\/\/www.aargauerzeitung.ch\/aargau\/brugg\/auf-eine-supertolle-fasnacht-die-fuenfte-jahreszeit-ist-eroeffnet-136432356\">azonline &#8211; 28. Februar 2020 &#8211; Auf eine supertolle Fasnacht: Die f\u00fcnfte Jahreszeit ist er\u00f6ffnet<\/a><br \/>Im Brugger Salzhaus ist auf ein buntes Programm angestossen worden.<\/p><p><a href=\"https:\/\/konfettispalter.ch\/Joomla_konfettispalter\/index.php\/medien?id=79\">Regional &#8211; 11. Februar 2020 &#8211; Zug mit neuen Gesichtern<\/a><br \/>W\u00e4hrend in den katholischen Ortschaften die Narren ihre Kost\u00fcme bereits wieder einpacken, legen die Brugger Konfettispalter mit ihrer Fasnacht erst richtig los. Das Highlight der Fasnacht 2020 unter dem Motto \u00abBrugg im Zug\u00bb ist der grosse Umzug mit 41 Nummern am Sonntag, 1. M\u00e4rz, mit B\u00f6llerschuss-Start um 13.57 Uhr.<\/p><p><a href=\"https:\/\/www.aargauerzeitung.ch\/aargau\/brugg\/der-fasnachtsumzug-ist-ihre-leidenschaft-ohne-diese-beiden-maenner-wuerde-es-ihn-wohl-nicht-mehr-geben-136403125\">azonline &#8211; 22. Februar 2020 &#8211; Der Fasnachtsumzug ist ihre Leidenschaft \u2013 ohne diese beiden M\u00e4nner w\u00fcrde es ihn wohl nicht mehr geben<\/a><br \/>Thomas \u00abSteini\u00bb Steinhauer und Bruno Schuler setzen sich mit vielen Helfern daf\u00fcr ein, dass der beliebte Event in Brugg bestehen bleibt.<\/p><p><a href=\"https:\/\/konfettispalter.ch\/Joomla_konfettispalter\/index.php\/medien?id=77\">Generalanzeiger &#8211; 13. Februar 2020 &#8211; Plaketten zum Thema \u00abGalaxy\u00bb<\/a><br \/>In Brugg steht die Fasnacht 2020 unter dem Motto: \u00abGalaxy\u00bb.<\/p><p><a href=\"https:\/\/www.aargauerzeitung.ch\/aargau\/brugg\/die-fasnacht-naht-die-neuen-plaketten-sind-bereits-da-136355992\">azonline &#8211; 11. Februar 2020 &#8211; Die Fasnacht naht \u2013 die neuen Plaketten sind bereits da<\/a><br \/>In wenigen Wochen startet in Brugg die Fasnacht. Die Plaketten \u2013 in Kupfer, Silber und Gold \u2013 sind eingetroffen.<\/p><p><a href=\"https:\/\/konfettispalter.ch\/Joomla_konfettispalter\/index.php\/medien?id=76\">Regional &#8211; 11. Februar 2020 &#8211; \u00abBrugg im Zug\u00bb: Die Plaketten sind da<\/a><br \/>Fasnachts-Um-Zug am Sonntag, 1. M\u00e4rz, 13.57 Uhr<\/p><p><a href=\"https:\/\/www.aargauerzeitung.ch\/aargau\/brugg\/das-erbe-der-brugger-fasnacht-136340154\">azonline &#8211; 9. Februar 2020 &#8211; Das Erbe der Brugger Fasnacht<\/a><br \/>Der Brugger Grafiker Sepp Marty kreierte 37 Fasnachtsposter und 49 Plaketten \u2013 die AZ zeigt seinen k\u00fcnstlerischen Nachlass in einer Serie bis zur Fasnacht.<\/p><\/div>\n\t\t\t\t<\/div>\n\t\t\t\t\t\t\t<div class=\"elementor-accordion-item\">\n\t\t\t\t\t<div id=\"elementor-tab-title-8475\" class=\"elementor-tab-title\" data-tab=\"5\" role=\"button\" aria-controls=\"elementor-tab-content-8475\" aria-expanded=\"false\">\n\t\t\t\t\t\t\t\t\t\t\t\t\t<span class=\"elementor-accordion-icon elementor-accordion-icon-left\" aria-hidden=\"true\">\n\t\t\t\t\t\t\t\t\t\t\t\t\t\t\t<span class=\"elementor-accordion-icon-closed\"><i class=\"fas fa-plus\"><\/i><\/span>\n\t\t\t\t\t\t\t\t<span class=\"elementor-accordion-icon-opened\"><i class=\"fas fa-minus\"><\/i><\/span>\n\t\t\t\t\t\t\t\t\t\t\t\t\t\t<\/span>\n\t\t\t\t\t\t\t\t\t\t\t\t<a class=\"elementor-accordion-title\" tabindex=\"0\">Medien 2019<\/a>\n\t\t\t\t\t<\/div>\n\t\t\t\t\t<div id=\"elementor-tab-content-8475\" class=\"elementor-tab-content elementor-clearfix\" data-tab=\"5\" role=\"region\" aria-labelledby=\"elementor-tab-title-8475\"><p><a href=\"https:\/\/konfettispalter.ch\/Joomla_konfettispalter\/index.php\/medien?id=57\">General Anzeiger &#8211; 14. November 2019 &#8211; Fasnacht 2020:\u00abBrugg im Zug\u00bb<\/a><br \/>Das OK der Fasnacht Brugg 2020 pr\u00e4sentierte das neue Fasnachtsmotto: \u00abBrugg im Zug\u00bb.<\/p><p><a href=\"https:\/\/konfettispalter.ch\/Joomla_konfettispalter\/index.php\/medien?id=58\">Regional 14. November 2019 &#8211; Brugg \u00abim Zug\u00bb nach nirgendwo&#8230;<\/a><br \/>Konfettispalter-Motto f\u00fcr die Fasnacht 2020<\/p><p><a href=\"https:\/\/konfettispalter.ch\/Joomla_konfettispalter\/index.php\/medien?id=50\">General Anzeiger &#8211; 14. M\u00e4rz 2019 &#8211; Bunter Tatzelwurm zog durch Brugg<\/a><br \/>Nebst dem Motto \u00abMer g\u00f6hnd as F\u00e4scht\u00bb war das Wetter ein grosses Thema am Brugger Fasnachtsumzug.<\/p><p><a href=\"https:\/\/konfettispalter.ch\/Joomla_konfettispalter\/index.php\/medien?id=52\">General Anzeiger &#8211; 14. M\u00e4rz 2019 &#8211; Vorfreude auf frohe Stunden<\/a><br \/>Die V\u00e4rslischmitte \u00f6ffnete ihre Tore zuerst f\u00fcr G\u00f6nner und zugewandte Orte, denn die Brugger Fasnacht ist auf Unterst\u00fctzung angewiesen.<\/p><p><a href=\"https:\/\/konfettispalter.ch\/Joomla_konfettispalter\/index.php\/medien?id=51\">Regional 14. M\u00e4rz 2019 &#8211; Brugger Fasnacht: F\u00fcr Eberhard ein m\u00fcdes L\u00e4cheln<\/a><br \/>Tolle V\u00e4rslischmitte-Zeit &#8211; wunderbarer Umzug<\/p><p><a href=\"https:\/\/www.aargauerzeitung.ch\/aargau\/brugg\/am-brugger-fasnachtsumzug-taucht-sogar-donald-trump-auf-134191836\">azonline &#8211; 10. M\u00e4rz 2019 &#8211; Am Brugger Fasnachtsumzug taucht sogar Donald Trump auf<br \/><\/a>Die liebevoll, mit viel Fantasie und technischem Geschick gestalteten Sujets beeindrucken und begeistern die Fasn\u00e4chtler in Brugg.<\/p><p><a href=\"https:\/\/www.aargauerzeitung.ch\/aargau\/brugg\/schnitzelbaenke-spielt-wirklich-luzi-stamms-kokainverkaeufer-an-der-fasnacht-134184716\">azonline &#8211; 9. M\u00e4rz 2019 &#8211; Schnitzelb\u00e4nke: Spielt wirklich Luzi Stamms Kokainverk\u00e4ufer an der Fasnacht?<\/a><br \/>Am\u00fcsante Verse \u00fcber Geschehnisse aus der Region und dar\u00fcber hinaus: An der \u00abV\u00e4rslischmitte\u00bb im Salzhaus und im \u00abLaternli\u00bb sorgten die Schnitzelb\u00e4nke f\u00fcr den kreativen H\u00f6hepunkt der Brugger Fasnacht<\/p><p><a href=\"https:\/\/www.aargauerzeitung.ch\/aargau\/brugg\/dieser-mann-hat-alle-fasnachtsplaketten-134179031\">azonline &#8211; 8. M\u00e4rz 2019 &#8211;\u00a0Dieser Mann hat alle Fasnachtsplaketten<\/a><br \/>Messerschmied Romano Chiecchi hat \u00abeher aus Zufall\u00bb alle Brugger Plaketten seit 1975 gesammelt.<\/p><p><a href=\"https:\/\/www.aargauerzeitung.ch\/aargau\/brugg\/die-hexen-teilen-kraeftig-aus-die-brugger-fasnacht-ist-eroeffnet-134180716\">azonline &#8211; 7. M\u00e4rz 2019 &#8211;\u00a0Die Hexen teilen kr\u00e4ftig aus \u2013 die Brugger Fasnacht ist er\u00f6ffnet<\/a><br \/>Jetzt wird unbeschwert und ausgelassen gefeiert in Brugg: Im Salzhaus ist die Fasnacht er\u00f6ffnet worden.<\/p><p><a href=\"https:\/\/konfettispalter.ch\/Joomla_konfettispalter\/index.php\/medien?id=44\">Regional &#8211; 28. Februar 2019 &#8211; Vom Umzug und dem Drumherum<\/a><br \/>Fasnachts-H\u00f6hepunkt vom Sonntag 10. M\u00e4rz, 13.57 Uhr: einer der publikumsst\u00e4rksten Brugger Anl\u00e4sse<\/p><p><a href=\"https:\/\/konfettispalter.ch\/Joomla_konfettispalter\/index.php\/medien?id=43\">General Anzeiger &#8211; 28. Februar 2019 &#8211; Umzug als Fasnachts-H\u00f6hepunkt<\/a><br \/>Der Brugger Fasnachtsumzug ist traditionell einer der letzten der Region und sehr beliebt. Erwartet werden rund 10&#8217;000 bis 15&#8217;0000 Zuschauer.<\/p><p><a href=\"https:\/\/www.aargauerzeitung.ch\/aargau\/brugg\/froehlich-bunt-und-ausgelassen-was-sie-zur-brugger-fasnacht-wissen-muessen-134132441\">azonline &#8211; 26. Februar 2019 &#8211; Fr\u00f6hlich, bunt und ausgelassen \u2013 was Sie zur Brugger Fasnacht wissen m\u00fcssen<\/a><br \/>Beteiligte und Zuschauer sollen in der f\u00fcnften Jahreszeit ihre Freude haben. Das OK mit Thomas Steinhauer und Bruno Schuler hat bekannt gegeben, was am Fasnachtsumzug gew\u00fcnscht ist \u2013 und was eben nicht.<\/p><p><a href=\"https:\/\/konfettispalter.ch\/Joomla_konfettispalter\/index.php\/medien?id=39\">General Anzeiger &#8211; 14. Februar 2019 &#8211; Fasnachtsplaketten sind ab sofort erh\u00e4ltlich<\/a><br \/>Die \u00abf\u00fcnfte\u00bb und f\u00fcr viele Menschen auch \u00absch\u00f6nste Jahreszeit\u00bb ist in den Startl\u00f6chern.<\/p><p><a href=\"https:\/\/konfettispalter.ch\/Joomla_konfettispalter\/index.php\/medien?id=41\">Regional &#8211; 14. Februar 2019 &#8211; Fasnachtsplaketten sind eingetroffen<br \/><\/a>\u00abMer g\u00f6hnd as F\u00e4scht\u00bb: Fasnacht bewirbt Brugger Stadtfest<\/p><p><a href=\"https:\/\/www.aargauerzeitung.ch\/aargau\/brugg\/waggis-und-erdbeeribrunnen-das-ist-die-neue-brugger-fasnachts-plakette-134082721\">azonline &#8211; 13. Februar 2019 &#8211; Waggis und Erdbeeribrunnen: Das ist die neue Brugger Fasnachts-Plakette<\/a><br \/>Die Konfettispalter haben am Dienstag das Geheimnis um die neue Fasnachtsplakette gel\u00fcftet. Auch das Programm der diesj\u00e4hrigen Brugger Fasnacht nimmt konkrete Form an. Die Aargauer Zeitung berichtet, wie der Plakettenverkauf abl\u00e4uft.<\/p><\/div>\n\t\t\t\t<\/div>\n\t\t\t\t\t\t\t<div class=\"elementor-accordion-item\">\n\t\t\t\t\t<div id=\"elementor-tab-title-8476\" class=\"elementor-tab-title\" data-tab=\"6\" role=\"button\" aria-controls=\"elementor-tab-content-8476\" aria-expanded=\"false\">\n\t\t\t\t\t\t\t\t\t\t\t\t\t<span class=\"elementor-accordion-icon elementor-accordion-icon-left\" aria-hidden=\"true\">\n\t\t\t\t\t\t\t\t\t\t\t\t\t\t\t<span class=\"elementor-accordion-icon-closed\"><i class=\"fas fa-plus\"><\/i><\/span>\n\t\t\t\t\t\t\t\t<span class=\"elementor-accordion-icon-opened\"><i class=\"fas fa-minus\"><\/i><\/span>\n\t\t\t\t\t\t\t\t\t\t\t\t\t\t<\/span>\n\t\t\t\t\t\t\t\t\t\t\t\t<a class=\"elementor-accordion-title\" tabindex=\"0\">Medien 2018<\/a>\n\t\t\t\t\t<\/div>\n\t\t\t\t\t<div id=\"elementor-tab-content-8476\" class=\"elementor-tab-content elementor-clearfix\" data-tab=\"6\" role=\"region\" aria-labelledby=\"elementor-tab-title-8476\"><p><a href=\"https:\/\/konfettispalter.ch\/Joomla_konfettispalter\/index.php\/medien?id=19\">Regional &#8211; 15. November 2018 &#8211; Fasnachtsmotto: \u00abMer g\u00f6hnd as F\u00e4scht\u00bb<\/a><br \/>Brugger Konfettispalter zeigen sich zukunftsorientiert.<\/p><p><a href=\"https:\/\/konfettispalter.ch\/Joomla_konfettispalter\/index.php\/medien?id=20\">General Anzeiger &#8211; 15. November 2018 &#8211;\u00a0\u00abMer g\u00f6hnd as F\u00e4scht\u00bb<\/a><br \/>So lautet das Motto der Fasnacht 2019, deren Auftakt mit den Konfettispaltern und vielen weiteren aktiven Fasn\u00e4chtlern gefeiert wurde.<\/p><p><a href=\"https:\/\/www.aargauerzeitung.ch\/aargau\/brugg\/mit-pauken-und-trompeten-fasnacht-in-brugg-eroeffnet-133702985\">azonline &#8211; 11. November 2018 &#8211; Mit Pauken und Trompeten: Fasnacht in Brugg er\u00f6ffnet<\/a><br \/>Punkt 11.11 Uhr haben die Brugger Fasn\u00e4chtler am Sonntag im Salzhaus das n\u00e4rrische Treiben ausgerufen. Unterst\u00fctzung brauchte es allerdings aus Windisch.<\/p><p><a href=\"https:\/\/www.aargauerzeitung.ch\/aargau\/brugg\/so-schoen-wunderkinder-treffen-auf-wunder-bienli-47-gruppen-sorgen-fuer-ausgelassene-stimmung-132223938\">azonline &#8211; 18. Februar 2018 &#8211; So sch\u00f6n: Wunderkinder treffen auf Wunder-Bienli \u2013 47 Gruppen sorgen f\u00fcr ausgelassene Stimmung<\/a><br \/>Als H\u00f6hepunkt der Brugger Fasnacht haben am grossen Umzug am Sonntagnachmittag Hunderte Fasn\u00e4chtler Tausende Zuschauer begeistert.<\/p><p><a href=\"https:\/\/www.aargauerzeitung.ch\/aargau\/brugg\/fasnachtsprogramm-wo-die-narren-sich-austoben-koennen-132199584\">azonline &#8211; 13. Februar 2018 &#8211; Fasnachtsprogramm: Wo die Narren sich austoben k\u00f6nnen<\/a><br \/>Die AZ zeigt, was in Brugg und Umgebung in der f\u00fcnften Jahreszeit alles l\u00e4uft \u2013 die Programm\u00fcbersicht.<\/p><p>\u00a0<\/p><p><iframe src=\"https:\/\/www.youtube.com\/embed\/6-OCiFdirbM\" width=\"853\" height=\"480\" frameborder=\"0\" allowfullscreen=\"allowfullscreen\"><\/iframe><\/p><\/div>\n\t\t\t\t<\/div>\n\t\t\t\t\t\t\t<div class=\"elementor-accordion-item\">\n\t\t\t\t\t<div id=\"elementor-tab-title-8477\" class=\"elementor-tab-title\" data-tab=\"7\" role=\"button\" aria-controls=\"elementor-tab-content-8477\" aria-expanded=\"false\">\n\t\t\t\t\t\t\t\t\t\t\t\t\t<span class=\"elementor-accordion-icon elementor-accordion-icon-left\" aria-hidden=\"true\">\n\t\t\t\t\t\t\t\t\t\t\t\t\t\t\t<span class=\"elementor-accordion-icon-closed\"><i class=\"fas fa-plus\"><\/i><\/span>\n\t\t\t\t\t\t\t\t<span class=\"elementor-accordion-icon-opened\"><i class=\"fas fa-minus\"><\/i><\/span>\n\t\t\t\t\t\t\t\t\t\t\t\t\t\t<\/span>\n\t\t\t\t\t\t\t\t\t\t\t\t<a class=\"elementor-accordion-title\" tabindex=\"0\">Medien 2017<\/a>\n\t\t\t\t\t<\/div>\n\t\t\t\t\t<div id=\"elementor-tab-content-8477\" class=\"elementor-tab-content elementor-clearfix\" data-tab=\"7\" role=\"region\" aria-labelledby=\"elementor-tab-title-8477\"><p><a href=\"https:\/\/www.aargauerzeitung.ch\/aargau\/brugg\/das-neue-fasnachtssujet-ist-eine-wundertuete-132015822\">azonline &#8211; 18. Dezember 2017 &#8211; Das neue Fasnachtssujet ist eine Wundert\u00fcte<\/a><br \/>Jetzt ist endlich klar, warum die Konfettispalter so lange mit der Bekanntgabe des Sujets gewartet haben.<\/p><p><a href=\"https:\/\/www.e-journal.ch\/region\/brugger-fasnachtsmotto-wundertuete\/?cHash=d9a9c17feb32aabeca230397d60cd256&amp;L=0\">effingermedien &#8211; 18. Dezember 2017 &#8211; Brugger Fasnachtsmotto: \u00abWundert\u00fcte\u00bb<br \/><\/a>Die Fasnachtsplakette 2018 wird ab etwa Mitte Januar vorliegen. Bereits jetzt wurde das Geheimnis ihres \u00c4usseren gel\u00fcftet.<\/p><p><a href=\"https:\/\/konfettispalter.ch\/Joomla_konfettispalter\/index.php\/medien?id=25\">General Anzeiger &#8211; 9. M\u00e4rz 2017 &#8211; Kunterbunter Umzug begeisterte<\/a><br \/>Erfreulich viele Fasn\u00e4chtler und neugierige Zaung\u00e4ste wollten den eindr\u00fccklichen Umzug keinesfalls verpassen.<\/p><p><a href=\"https:\/\/www.aargauerzeitung.ch\/aargau\/brugg\/was-donald-trump-mit-franziska-roth-zu-tun-hat-die-besten-schnitzelbaenke-der-brugger-fasnacht-131041977\">azonline &#8211; 3. M\u00e4rz 2017 &#8211; Was Donald Trump mit Franziska Roth zu tun hat \u2013 die besten Schnitzelb\u00e4nke der Brugger Fasnacht<\/a><br \/>Das Jahr 2016 war ein (politisch) ereignisreiches Jahr \u2013 die Schnitzelb\u00e4nkler haben es in geistreiche Spr\u00fcche verpackt.<\/p><p><a href=\"https:\/\/www.aargauerzeitung.ch\/aargau\/zurzach\/schnitzelbaenke-das-macht-im-zurzibiet-schlagzeilen-131020967\">azonline &#8211; 3. M\u00e4rz 2017 &#8211; Schnitzelb\u00e4nke: Das macht im Zurzibiet Schlagzeilen<\/a><br \/>Eine unverbindliche Auswahl der besten Schnitzelb\u00e4nke von der Fasnacht aus Bad Zurzach, Klingnau und W\u00fcrenlingen.<\/p><p><a href=\"https:\/\/www.aargauerzeitung.ch\/aargau\/brugg\/die-hexen-mischen-die-stadtratswahlen-auf-131041684\">azonline &#8211; 3. M\u00e4rz 2017 &#8211; Die Hexen mischen die Stadtratswahlen auf<\/a><br \/>Die Brugger Fasn\u00e4chtler zeigen sich zum Auftakt im Salzhaus von der besten Seite.<\/p><p><a href=\"https:\/\/www.effingermedien.ch\/region\/zwei-umzuege-und-viele-schnitzelbaenke\/\">effingermedien &#8211; 2. M\u00e4rz 2017 &#8211; Zwei Umz\u00fcge und viele Schnitzelb\u00e4nke<\/a><br \/>F\u00fcr viele Menschen auch in unserer Region bedeutet die Fasnacht die \u00absch\u00f6nste Zeit des Jahres\u00bb. Sie geniessen diese in vollen Z\u00fcgen!<\/p><p><a href=\"https:\/\/www.aargauerzeitung.ch\/aargau\/brugg\/jetzt-wirds-schaurig-schoen-und-schraeg-131020986\">azonline &#8211; 28. Februar 2017 &#8211; Jetzt wirds schaurig sch\u00f6n und schr\u00e4g<\/a><br \/>Die Konfettispalter passen das Programm der Brugger Fasnacht leicht an \u2013 \u00abdort, wo es Sinn macht\u00bb<\/p><p><a href=\"https:\/\/www.aargauerzeitung.ch\/aargau\/brugg\/die-neuen-plaketten-fuer-die-brugger-fasnacht-sind-da-130838907\">azonline &#8211; 8. Januar 2017 &#8211; Die neuen Plaketten f\u00fcr die Brugger Fasnacht sind da<\/a><br \/>Die Plaketten f\u00fcr die Brugger Fasnacht, die unter dem Motto \u00abRigoletto Bruggo\u00bb stattfinden wird, sind da. Das Organisationsteam hat eine Idee ausgeheckt, wie man die Leute dazu bringt, die Plakette mit Stolz zu tragen.<\/p><p>\u00a0<\/p><p><iframe src=\"https:\/\/www.youtube.com\/embed\/RxKnyY0A7Rg\" width=\"853\" height=\"480\" frameborder=\"0\" allowfullscreen=\"allowfullscreen\"><\/iframe><\/p><\/div>\n\t\t\t\t<\/div>\n\t\t\t\t\t\t\t<div class=\"elementor-accordion-item\">\n\t\t\t\t\t<div id=\"elementor-tab-title-8478\" class=\"elementor-tab-title\" data-tab=\"8\" role=\"button\" aria-controls=\"elementor-tab-content-8478\" aria-expanded=\"false\">\n\t\t\t\t\t\t\t\t\t\t\t\t\t<span class=\"elementor-accordion-icon elementor-accordion-icon-left\" aria-hidden=\"true\">\n\t\t\t\t\t\t\t\t\t\t\t\t\t\t\t<span class=\"elementor-accordion-icon-closed\"><i class=\"fas fa-plus\"><\/i><\/span>\n\t\t\t\t\t\t\t\t<span class=\"elementor-accordion-icon-opened\"><i class=\"fas fa-minus\"><\/i><\/span>\n\t\t\t\t\t\t\t\t\t\t\t\t\t\t<\/span>\n\t\t\t\t\t\t\t\t\t\t\t\t<a class=\"elementor-accordion-title\" tabindex=\"0\">Medien 2016<\/a>\n\t\t\t\t\t<\/div>\n\t\t\t\t\t<div id=\"elementor-tab-content-8478\" class=\"elementor-tab-content elementor-clearfix\" data-tab=\"8\" role=\"region\" aria-labelledby=\"elementor-tab-title-8478\"><p><a href=\"https:\/\/konfettispalter.ch\/Joomla_konfettispalter\/index.php\/medien?id=24\">General Anzeiger &#8211; 17. November 2016 &#8211; Es lebe \u00abRigolettoBruggo\u00bb<\/a><br \/>Am Montag informierte der neue Vorstand des Vereins Konfettispalter die Presse \u00fcber die Organisation des Fasnachtsumzugs 2017.<\/p><p><a href=\"https:\/\/www.aargauerzeitung.ch\/aargau\/brugg\/remmidemmi-mit-rigolettobruggo-die-konfettispalter-stellen-ihr-fasnachtsmotto-vor-130720756\">azonline &#8211; 16. November 2016 &#8211; Remmidemmi mit \u00abRigolettoBruggo\u00bb: Die Konfettispalter stellen ihr Fasnachtsmotto vor<\/a><br \/>Die Konfettispalter nutzen den Neuanfang und nehmen Anpassungen bei der Fasnacht vor. In Anlehnung an die Produktion der Oper Schenkenberg diesen Sommer lautet es diese Saison \u00abRigolettoBruggo\u00bb.<\/p><p><a href=\"https:\/\/www.aargauerzeitung.ch\/aargau\/brugg\/der-brugger-zunftmeister-weiss-was-nachfolger-mitbringen-muss-130019881\">azonline &#8211; 27. Januar 2016 &#8211; Der Brugger Zunftmeister weiss, was Nachfolger mitbringen muss<\/a><br \/>Werden keine neuen Vorstandsmitglieder f\u00fcr die Konfettispalterzunft gefunden, sieht die Zukunft d\u00fcster aus f\u00fcr die Fasnacht in Brugg. Was h\u00e4lt der scheidende Zunftmeister von einer Fusion?<\/p><p><a href=\"https:\/\/www.effingermedien.ch\/region\/brugger-konfettispalterzunft-im-neuen-gewand\/\">effingermedien &#8211; 24. Januar 2016 &#8211; Frisch gewandet in die Zukunft<\/a><br \/>Es w\u00e4re wieder mal Zeit f\u00fcr etwas anderes, dachten sich die Mitglieder der Brugger Konfettispalterzunft. Sie kreierten und n\u00e4hten auch selbst ein neues Zunftgewand. Passend zu ihrem 40-Jahr-Jubil\u00e4um. Heute ist es zum ersten Mal \u00f6ffentlich zu sehen.<\/p><p>\u00a0<\/p><p><iframe src=\"https:\/\/www.youtube.com\/embed\/9Bjf8rWa3Vg\" width=\"853\" height=\"480\" frameborder=\"0\" allowfullscreen=\"allowfullscreen\"><\/iframe><\/p><\/div>\n\t\t\t\t<\/div>\n\t\t\t\t\t\t\t<div class=\"elementor-accordion-item\">\n\t\t\t\t\t<div id=\"elementor-tab-title-8479\" class=\"elementor-tab-title\" data-tab=\"9\" role=\"button\" aria-controls=\"elementor-tab-content-8479\" aria-expanded=\"false\">\n\t\t\t\t\t\t\t\t\t\t\t\t\t<span class=\"elementor-accordion-icon elementor-accordion-icon-left\" aria-hidden=\"true\">\n\t\t\t\t\t\t\t\t\t\t\t\t\t\t\t<span class=\"elementor-accordion-icon-closed\"><i class=\"fas fa-plus\"><\/i><\/span>\n\t\t\t\t\t\t\t\t<span class=\"elementor-accordion-icon-opened\"><i class=\"fas fa-minus\"><\/i><\/span>\n\t\t\t\t\t\t\t\t\t\t\t\t\t\t<\/span>\n\t\t\t\t\t\t\t\t\t\t\t\t<a class=\"elementor-accordion-title\" tabindex=\"0\">Medien 2015<\/a>\n\t\t\t\t\t<\/div>\n\t\t\t\t\t<div id=\"elementor-tab-content-8479\" class=\"elementor-tab-content elementor-clearfix\" data-tab=\"9\" role=\"region\" aria-labelledby=\"elementor-tab-title-8479\"><p><iframe src=\"https:\/\/www.youtube.com\/embed\/QqO4Jk8AI9U\" width=\"853\" height=\"480\" frameborder=\"0\" allowfullscreen=\"allowfullscreen\"><\/iframe><\/p><\/div>\n\t\t\t\t<\/div>\n\t\t\t\t\t\t\t\t<\/div>\n\t\t\t\t\t\t<\/div>\n\t\t\t\t<\/div>\n\t\t\t\t\t<\/div>\n\t\t<\/div>\n\t\t\t\t\t<\/div>\n\t\t<\/section>\n\t\t\t\t<\/div>\n\t\t","protected":false},"excerpt":{"rendered":"<p>Medien 2026 azonline &#8211; 22. Februar 2026 &#8211; Konfettiregen im Sonnenschein: Die 100 sch\u00f6nsten Bilder der Fasnacht 2026Ein halbes Jahrhundert Fasnacht Brugg: Das wurde mit einem kr\u00e4ftigen Konfetti-Applaus gefeiert. Der Jubil\u00e4umsumzug in Bildern. azonline &#8211; 22. Februar 2026 &#8211; Der erste Brugger Fasnachtsumzug mit Geb\u00e4rstationDie Fasnacht machte dem Winter so richtig den Garaus. Bei sch\u00f6nstem [&hellip;]<\/p>\n","protected":false},"author":1,"featured_media":0,"parent":0,"menu_order":0,"comment_status":"closed","ping_status":"closed","template":"","meta":{"ngg_post_thumbnail":0,"footnotes":""},"class_list":["post-66","page","type-page","status-publish","hentry"],"_links":{"self":[{"href":"https:\/\/fasnachtbrugg.ch\/fasnachtbrugg\/wp-json\/wp\/v2\/pages\/66","targetHints":{"allow":["GET"]}}],"collection":[{"href":"https:\/\/fasnachtbrugg.ch\/fasnachtbrugg\/wp-json\/wp\/v2\/pages"}],"about":[{"href":"https:\/\/fasnachtbrugg.ch\/fasnachtbrugg\/wp-json\/wp\/v2\/types\/page"}],"author":[{"embeddable":true,"href":"https:\/\/fasnachtbrugg.ch\/fasnachtbrugg\/wp-json\/wp\/v2\/users\/1"}],"replies":[{"embeddable":true,"href":"https:\/\/fasnachtbrugg.ch\/fasnachtbrugg\/wp-json\/wp\/v2\/comments?post=66"}],"version-history":[{"count":85,"href":"https:\/\/fasnachtbrugg.ch\/fasnachtbrugg\/wp-json\/wp\/v2\/pages\/66\/revisions"}],"predecessor-version":[{"id":1263,"href":"https:\/\/fasnachtbrugg.ch\/fasnachtbrugg\/wp-json\/wp\/v2\/pages\/66\/revisions\/1263"}],"wp:attachment":[{"href":"https:\/\/fasnachtbrugg.ch\/fasnachtbrugg\/wp-json\/wp\/v2\/media?parent=66"}],"curies":[{"name":"wp","href":"https:\/\/api.w.org\/{rel}","templated":true}]}}